{"id":332,"date":"2020-01-10T21:08:37","date_gmt":"2020-01-10T20:08:37","guid":{"rendered":"https:\/\/diabeteenluberon.com\/?page_id=332"},"modified":"2021-09-01T16:12:09","modified_gmt":"2021-09-01T14:12:09","slug":"structure-deducation-des-maladies-chroniques-en-pays-dpt","status":"publish","type":"page","link":"https:\/\/diabeteenluberon.com\/index.php\/structure-deducation-des-maladies-chroniques-en-pays-dpt\/","title":{"rendered":"\u00c9ducation"},"content":{"rendered":"\n<p class=\"has-text-align-center has-black-color has-text-color\" style=\"font-size:18px\"> L&rsquo;Association Diab\u00e8te en Luberon veut proposer une nouvelle approche d\u2019\u00e9ducation  <br>pour les personnes atteintes de Maladies Chroniques et leurs accompagnants, <br>dans un environnement propice au retour sur soi, \u00e0 la gestion des \u00e9motions et du stress,<br>et \u00e0 l\u2019exercice physique adapt\u00e9 aux diff\u00e9rentes pathologies. <\/p>\n\n\n\n<h2 class=\"has-text-align-center has-very-dark-gray-color has-text-color wp-block-heading\"><strong> Bient\u00f4t des journ\u00e9es et stages <\/strong> !<\/h2>\n\n\n\n<p class=\"has-very-light-gray-color has-text-color has-background\" style=\"background-color:#587a96;font-size:18px\"><span style=\"text-decoration: underline;\">Matin\u00e9es :<\/span> R\u00e9veils musculaires, ateliers d\u2019\u00e9ducation th\u00e9rapeutique et nutritionnels.<br><span style=\"text-decoration: underline;\">Apr\u00e8s-midis :<\/span> Activit\u00e9s sportives encadr\u00e9es (randonn\u00e9e, v\u00e9lo \u00e9lectrique, baln\u00e9oth\u00e9rapie, aqua bike\u2026) <br> Ateliers bien-\u00eatre (sauna et bac froid, relaxation, respiration, sophrologie\u2026)<\/p>\n\n\n\n<p class=\"has-very-light-gray-color has-text-color has-background\" style=\"background-color:#00a381;font-size:18px\"><span style=\"text-decoration: underline;\">Sorties sports et bien-\u00eatre :<\/span><br>Sorties randonn\u00e9es, v\u00e9lo \u00e9lectrique, avec d\u00e9couvertes de sites remarquables de Provence, encadr\u00e9es par un patient-expert et accompagnateur, suivie de l\u2019\u00e9valuation de l\u2019impact du sport et sa gestion pour les personnes atteintes maladies chroniques.<br>Sorties baln\u00e9oth\u00e9rapie, aqua-bike\u00a0et ses bienfaits, sauna&#8230; encadr\u00e9es par un patient-expert et accompagnateur. <br>S\u00e9ances de Sophrologie, Relaxation, Yoga ou gym douce avant ou apr\u00e8s les ateliers du matin, dans une salle commune, un des g\u00eetes ou dans la nature, encadr\u00e9 par un partenaire qualifi\u00e9. <\/p>\n\n\n\n<p class=\"has-very-light-gray-color has-text-color has-background\" style=\"background-color:#0f4666;font-size:18px\"><span style=\"text-decoration: underline;\">Profil des patients :<\/span><br>Ce type de programme ou journ\u00e9es seront propos\u00e9s aux patients atteints de maladies chroniques et leurs accompagnants, isol\u00e9s en milieu rural ou frein\u00e9s par l\u2019hospitalisation et les jeunes diab\u00e9tiques, accompagn\u00e9s de leur(s) parent(s). <br>\u00c9laboration d\u2019un diagnostic personnalis\u00e9 \u00e0 chaque d\u00e9but de stage pour les patients. <\/p>\n\n\n\n<p class=\"has-very-light-gray-color has-text-color has-background\" style=\"background-color:#d57028;font-size:18px\"><span style=\"text-decoration: underline;\">Logistique :<\/span><br>H\u00e9bergements dans plusieurs g\u00eetes collectifs ou individuels de caract\u00e8re perch\u00e9s face au Luberon.<br>Ateliers \u00e9ducatifs et conf\u00e9rences s\u2019organiseront dans une grande salle (feuilles d\u2019\u00e9valuations des acquisitions individuelles en d\u00e9buts et fins d\u2019ateliers).<br>Les repas \u00e9quilibr\u00e9s seront propos\u00e9s par l\u2019\u00e9quipe m\u00e9dicale, \u00e9labor\u00e9s par les stagiaires et pris en commun (avec balances et cahiers), ils seront d\u00e9gust\u00e9s en salle commune, sauf petits d\u00e9jeuners libres et certains d\u00eeners seront pris en g\u00eete individuel.<br>Le transport sera fait en mini-bus pour les sorties sports, d\u00e9couvertes nature et bien-\u00eatre et sera propos\u00e9 pour l\u2019accueil et le retour des stagiaires jusqu\u2019\u00e0 la gare routi\u00e8re d\u2019Apt.<br>L\u2019acc\u00e8s aux activit\u00e9s et \u00e9quipements sportifs sera \u00e0 la charge des stagiaires avec des tarifs pr\u00e9f\u00e9rentiels.<\/p>\n\n\n\n<p class=\"has-very-light-gray-color has-text-color has-background\" style=\"background-color:#666f76;font-size:18px\"><span style=\"text-decoration: underline;\">Co\u00fbt du stage, partenaires et financement :<\/span><br>Adh\u00e9sion obligatoire \u00e0 l\u2019Association Diab\u00e8te en Luberon (20\u20ac).<br>Stages \u00e0 la charge du patient, en attendant une prise en charge de la S\u00e9curit\u00e9 Sociale  et Mutuelles.<br>H\u00e9bergements en g\u00eetes \u00e0 la charge du patient.<br>Repas compris dans le prix du s\u00e9jour ou financ\u00e9s par l\u2019Association Diab\u00e8te en Luberon. Sorties \u00e0 la charge du patient (prix n\u00e9goci\u00e9s).<br>M\u00e9decins, infirmi\u00e8res, patient-expert, animateurs et accompagnants, financ\u00e9s par l\u2019Association Diab\u00e8te en Luberon ou par les subventions des partenaires publics et priv\u00e9s re\u00e7us par l\u2019Association Diab\u00e8te en Luberon.<br>Animations et conf\u00e9rences comprises dans le stage.<\/p>\n","protected":false},"excerpt":{"rendered":"<p>L&rsquo;Association Diab\u00e8te en Luberon veut proposer une nouvelle approche d\u2019\u00e9ducation pour les personnes atteintes de Maladies Chroniques et leurs accompagnants, dans un environnement propice au retour sur soi, \u00e0 la gestion des \u00e9motions et du stress,et \u00e0 l\u2019exercice physique adapt\u00e9 aux diff\u00e9rentes pathologies. Bient\u00f4t des journ\u00e9es et stages ! Matin\u00e9es : R\u00e9veils musculaires, ateliers d\u2019\u00e9ducation&hellip; <br \/> <a class=\"read-more\" href=\"https:\/\/diabeteenluberon.com\/index.php\/structure-deducation-des-maladies-chroniques-en-pays-dpt\/\">Lire la suite<\/a><\/p>\n","protected":false},"author":1,"featured_media":311,"parent":0,"menu_order":0,"comment_status":"closed","ping_status":"closed","template":"","meta":{"footnotes":""},"yoast_head":"<!-- This site is optimized with the Yoast SEO plugin v17.6 - https:\/\/yoast.com\/wordpress\/plugins\/seo\/ -->\n<title>\u00c9ducation ~ Diab\u00e8te en Luberon ~ Maladies Chroniques-Sant\u00e9<\/title>\n<meta name=\"description\" content=\"Structure d&#039;\u00e9ducation. Maladies Chroniques. APT. Luberon. Diab\u00e8te. Maladies cardio-vasculaires. Ob\u00e9sit\u00e9. Sport. Di\u00e9t\u00e9tique. Bien-\u00eatre. Ateliers nutritionels\" \/>\n<meta name=\"robots\" content=\"index, follow, max-snippet:-1, max-image-preview:large, max-video-preview:-1\" \/>\n<link rel=\"canonical\" href=\"https:\/\/diabeteenluberon.com\/index.php\/structure-deducation-des-maladies-chroniques-en-pays-dpt\/\" \/>\n<meta property=\"og:locale\" content=\"fr_FR\" \/>\n<meta property=\"og:type\" content=\"article\" \/>\n<meta property=\"og:title\" content=\"\u00c9ducation ~ Diab\u00e8te en Luberon ~ Maladies Chroniques-Sant\u00e9\" \/>\n<meta property=\"og:description\" content=\"Structure d&#039;\u00e9ducation. Maladies Chroniques. APT. Luberon. Diab\u00e8te. Maladies cardio-vasculaires. Ob\u00e9sit\u00e9. Sport. Di\u00e9t\u00e9tique. Bien-\u00eatre. Ateliers nutritionels\" \/>\n<meta property=\"og:url\" content=\"https:\/\/diabeteenluberon.com\/index.php\/structure-deducation-des-maladies-chroniques-en-pays-dpt\/\" \/>\n<meta property=\"og:site_name\" content=\"Diab\u00e8te en Luberon\" \/>\n<meta property=\"article:publisher\" content=\"https:\/\/www.facebook.com\/Diab%c3%a8te-en-Luberon-669898170092016\/\" \/>\n<meta property=\"article:modified_time\" content=\"2021-09-01T14:12:09+00:00\" \/>\n<meta property=\"og:image\" content=\"https:\/\/diabeteenluberon.com\/wp-content\/uploads\/2019\/08\/DESCENTE-DE-LA-SORGUES-EN-CANOE-1.jpg\" \/>\n\t<meta property=\"og:image:width\" content=\"2016\" \/>\n\t<meta property=\"og:image:height\" content=\"1512\" \/>\n<meta name=\"twitter:card\" content=\"summary_large_image\" \/>\n<meta name=\"twitter:label1\" content=\"Dur\u00e9e de lecture estim\u00e9e\" \/>\n\t<meta name=\"twitter:data1\" content=\"2 minutes\" \/>\n<script type=\"application\/ld+json\" class=\"yoast-schema-graph\">{\"@context\":\"https:\/\/schema.org\",\"@graph\":[{\"@type\":\"Organization\",\"@id\":\"https:\/\/diabeteenluberon.com\/#organization\",\"name\":\"Diab\\u00e8te en Luberon\",\"url\":\"https:\/\/diabeteenluberon.com\/\",\"sameAs\":[\"https:\/\/www.facebook.com\/Diab\\u00e8te-en-Luberon-669898170092016\/\"],\"logo\":{\"@type\":\"ImageObject\",\"@id\":\"https:\/\/diabeteenluberon.com\/#logo\",\"inLanguage\":\"fr-FR\",\"url\":\"https:\/\/i0.wp.com\/diabeteenluberon.com\/wp-content\/uploads\/2019\/02\/photo-castllet-vue-e1561732573858.jpg?fit=800%2C600&ssl=1\",\"contentUrl\":\"https:\/\/i0.wp.com\/diabeteenluberon.com\/wp-content\/uploads\/2019\/02\/photo-castllet-vue-e1561732573858.jpg?fit=800%2C600&ssl=1\",\"width\":800,\"height\":600,\"caption\":\"Diab\\u00e8te en Luberon\"},\"image\":{\"@id\":\"https:\/\/diabeteenluberon.com\/#logo\"}},{\"@type\":\"WebSite\",\"@id\":\"https:\/\/diabeteenluberon.com\/#website\",\"url\":\"https:\/\/diabeteenluberon.com\/\",\"name\":\"Diab\\u00e8te en Luberon\",\"description\":\"\",\"publisher\":{\"@id\":\"https:\/\/diabeteenluberon.com\/#organization\"},\"potentialAction\":[{\"@type\":\"SearchAction\",\"target\":{\"@type\":\"EntryPoint\",\"urlTemplate\":\"https:\/\/diabeteenluberon.com\/?s={search_term_string}\"},\"query-input\":\"required name=search_term_string\"}],\"inLanguage\":\"fr-FR\"},{\"@type\":\"ImageObject\",\"@id\":\"https:\/\/diabeteenluberon.com\/index.php\/structure-deducation-des-maladies-chroniques-en-pays-dpt\/#primaryimage\",\"inLanguage\":\"fr-FR\",\"url\":\"https:\/\/diabeteenluberon.com\/wp-content\/uploads\/2019\/08\/DESCENTE-DE-LA-SORGUES-EN-CANOE-1.jpg\",\"contentUrl\":\"https:\/\/diabeteenluberon.com\/wp-content\/uploads\/2019\/08\/DESCENTE-DE-LA-SORGUES-EN-CANOE-1.jpg\",\"width\":2016,\"height\":1512,\"caption\":\"DESCENTE-DE-LA-SORGUES-EN-CANOE\"},{\"@type\":\"WebPage\",\"@id\":\"https:\/\/diabeteenluberon.com\/index.php\/structure-deducation-des-maladies-chroniques-en-pays-dpt\/#webpage\",\"url\":\"https:\/\/diabeteenluberon.com\/index.php\/structure-deducation-des-maladies-chroniques-en-pays-dpt\/\",\"name\":\"\\u00c9ducation ~ Diab\\u00e8te en Luberon ~ Maladies Chroniques-Sant\\u00e9\",\"isPartOf\":{\"@id\":\"https:\/\/diabeteenluberon.com\/#website\"},\"primaryImageOfPage\":{\"@id\":\"https:\/\/diabeteenluberon.com\/index.php\/structure-deducation-des-maladies-chroniques-en-pays-dpt\/#primaryimage\"},\"datePublished\":\"2020-01-10T20:08:37+00:00\",\"dateModified\":\"2021-09-01T14:12:09+00:00\",\"description\":\"Structure d'\\u00e9ducation. Maladies Chroniques. APT. Luberon. Diab\\u00e8te. Maladies cardio-vasculaires. Ob\\u00e9sit\\u00e9. Sport. Di\\u00e9t\\u00e9tique. Bien-\\u00eatre. Ateliers nutritionels\",\"breadcrumb\":{\"@id\":\"https:\/\/diabeteenluberon.com\/index.php\/structure-deducation-des-maladies-chroniques-en-pays-dpt\/#breadcrumb\"},\"inLanguage\":\"fr-FR\",\"potentialAction\":[{\"@type\":\"ReadAction\",\"target\":[\"https:\/\/diabeteenluberon.com\/index.php\/structure-deducation-des-maladies-chroniques-en-pays-dpt\/\"]}]},{\"@type\":\"BreadcrumbList\",\"@id\":\"https:\/\/diabeteenluberon.com\/index.php\/structure-deducation-des-maladies-chroniques-en-pays-dpt\/#breadcrumb\",\"itemListElement\":[{\"@type\":\"ListItem\",\"position\":1,\"name\":\"Accueil\",\"item\":\"https:\/\/diabeteenluberon.com\/\"},{\"@type\":\"ListItem\",\"position\":2,\"name\":\"\\u00c9ducation\"}]}]}<\/script>\n<!-- \/ Yoast SEO plugin. -->","yoast_head_json":{"title":"\u00c9ducation ~ Diab\u00e8te en Luberon ~ Maladies Chroniques-Sant\u00e9","description":"Structure d'\u00e9ducation. Maladies Chroniques. APT. Luberon. Diab\u00e8te. Maladies cardio-vasculaires. Ob\u00e9sit\u00e9. Sport. Di\u00e9t\u00e9tique. Bien-\u00eatre. Ateliers nutritionels","robots":{"index":"index","follow":"follow","max-snippet":"max-snippet:-1","max-image-preview":"max-image-preview:large","max-video-preview":"max-video-preview:-1"},"canonical":"https:\/\/diabeteenluberon.com\/index.php\/structure-deducation-des-maladies-chroniques-en-pays-dpt\/","og_locale":"fr_FR","og_type":"article","og_title":"\u00c9ducation ~ Diab\u00e8te en Luberon ~ Maladies Chroniques-Sant\u00e9","og_description":"Structure d'\u00e9ducation. Maladies Chroniques. APT. Luberon. Diab\u00e8te. Maladies cardio-vasculaires. Ob\u00e9sit\u00e9. Sport. Di\u00e9t\u00e9tique. Bien-\u00eatre. Ateliers nutritionels","og_url":"https:\/\/diabeteenluberon.com\/index.php\/structure-deducation-des-maladies-chroniques-en-pays-dpt\/","og_site_name":"Diab\u00e8te en Luberon","article_publisher":"https:\/\/www.facebook.com\/Diab%c3%a8te-en-Luberon-669898170092016\/","article_modified_time":"2021-09-01T14:12:09+00:00","og_image":[{"width":2016,"height":1512,"url":"https:\/\/diabeteenluberon.com\/wp-content\/uploads\/2019\/08\/DESCENTE-DE-LA-SORGUES-EN-CANOE-1.jpg","type":"image\/jpeg"}],"twitter_card":"summary_large_image","twitter_misc":{"Dur\u00e9e de lecture estim\u00e9e":"2 minutes"},"schema":{"@context":"https:\/\/schema.org","@graph":[{"@type":"Organization","@id":"https:\/\/diabeteenluberon.com\/#organization","name":"Diab\u00e8te en Luberon","url":"https:\/\/diabeteenluberon.com\/","sameAs":["https:\/\/www.facebook.com\/Diab\u00e8te-en-Luberon-669898170092016\/"],"logo":{"@type":"ImageObject","@id":"https:\/\/diabeteenluberon.com\/#logo","inLanguage":"fr-FR","url":"https:\/\/i0.wp.com\/diabeteenluberon.com\/wp-content\/uploads\/2019\/02\/photo-castllet-vue-e1561732573858.jpg?fit=800%2C600&ssl=1","contentUrl":"https:\/\/i0.wp.com\/diabeteenluberon.com\/wp-content\/uploads\/2019\/02\/photo-castllet-vue-e1561732573858.jpg?fit=800%2C600&ssl=1","width":800,"height":600,"caption":"Diab\u00e8te en Luberon"},"image":{"@id":"https:\/\/diabeteenluberon.com\/#logo"}},{"@type":"WebSite","@id":"https:\/\/diabeteenluberon.com\/#website","url":"https:\/\/diabeteenluberon.com\/","name":"Diab\u00e8te en Luberon","description":"","publisher":{"@id":"https:\/\/diabeteenluberon.com\/#organization"},"potentialAction":[{"@type":"SearchAction","target":{"@type":"EntryPoint","urlTemplate":"https:\/\/diabeteenluberon.com\/?s={search_term_string}"},"query-input":"required name=search_term_string"}],"inLanguage":"fr-FR"},{"@type":"ImageObject","@id":"https:\/\/diabeteenluberon.com\/index.php\/structure-deducation-des-maladies-chroniques-en-pays-dpt\/#primaryimage","inLanguage":"fr-FR","url":"https:\/\/diabeteenluberon.com\/wp-content\/uploads\/2019\/08\/DESCENTE-DE-LA-SORGUES-EN-CANOE-1.jpg","contentUrl":"https:\/\/diabeteenluberon.com\/wp-content\/uploads\/2019\/08\/DESCENTE-DE-LA-SORGUES-EN-CANOE-1.jpg","width":2016,"height":1512,"caption":"DESCENTE-DE-LA-SORGUES-EN-CANOE"},{"@type":"WebPage","@id":"https:\/\/diabeteenluberon.com\/index.php\/structure-deducation-des-maladies-chroniques-en-pays-dpt\/#webpage","url":"https:\/\/diabeteenluberon.com\/index.php\/structure-deducation-des-maladies-chroniques-en-pays-dpt\/","name":"\u00c9ducation ~ Diab\u00e8te en Luberon ~ Maladies Chroniques-Sant\u00e9","isPartOf":{"@id":"https:\/\/diabeteenluberon.com\/#website"},"primaryImageOfPage":{"@id":"https:\/\/diabeteenluberon.com\/index.php\/structure-deducation-des-maladies-chroniques-en-pays-dpt\/#primaryimage"},"datePublished":"2020-01-10T20:08:37+00:00","dateModified":"2021-09-01T14:12:09+00:00","description":"Structure d'\u00e9ducation. Maladies Chroniques. APT. Luberon. Diab\u00e8te. Maladies cardio-vasculaires. Ob\u00e9sit\u00e9. Sport. Di\u00e9t\u00e9tique. Bien-\u00eatre. Ateliers nutritionels","breadcrumb":{"@id":"https:\/\/diabeteenluberon.com\/index.php\/structure-deducation-des-maladies-chroniques-en-pays-dpt\/#breadcrumb"},"inLanguage":"fr-FR","potentialAction":[{"@type":"ReadAction","target":["https:\/\/diabeteenluberon.com\/index.php\/structure-deducation-des-maladies-chroniques-en-pays-dpt\/"]}]},{"@type":"BreadcrumbList","@id":"https:\/\/diabeteenluberon.com\/index.php\/structure-deducation-des-maladies-chroniques-en-pays-dpt\/#breadcrumb","itemListElement":[{"@type":"ListItem","position":1,"name":"Accueil","item":"https:\/\/diabeteenluberon.com\/"},{"@type":"ListItem","position":2,"name":"\u00c9ducation"}]}]}},"_links":{"self":[{"href":"https:\/\/diabeteenluberon.com\/index.php\/wp-json\/wp\/v2\/pages\/332"}],"collection":[{"href":"https:\/\/diabeteenluberon.com\/index.php\/wp-json\/wp\/v2\/pages"}],"about":[{"href":"https:\/\/diabeteenluberon.com\/index.php\/wp-json\/wp\/v2\/types\/page"}],"author":[{"embeddable":true,"href":"https:\/\/diabeteenluberon.com\/index.php\/wp-json\/wp\/v2\/users\/1"}],"replies":[{"embeddable":true,"href":"https:\/\/diabeteenluberon.com\/index.php\/wp-json\/wp\/v2\/comments?post=332"}],"version-history":[{"count":47,"href":"https:\/\/diabeteenluberon.com\/index.php\/wp-json\/wp\/v2\/pages\/332\/revisions"}],"predecessor-version":[{"id":609,"href":"https:\/\/diabeteenluberon.com\/index.php\/wp-json\/wp\/v2\/pages\/332\/revisions\/609"}],"wp:featuredmedia":[{"embeddable":true,"href":"https:\/\/diabeteenluberon.com\/index.php\/wp-json\/wp\/v2\/media\/311"}],"wp:attachment":[{"href":"https:\/\/diabeteenluberon.com\/index.php\/wp-json\/wp\/v2\/media?parent=332"}],"curies":[{"name":"wp","href":"https:\/\/api.w.org\/{rel}","templated":true}]}}